{"id":200,"date":"2021-07-21T12:44:51","date_gmt":"2021-07-21T10:44:51","guid":{"rendered":"http:\/\/www.lycnos.com\/ecotec\/?page_id=200"},"modified":"2021-10-07T18:24:15","modified_gmt":"2021-10-07T16:24:15","slug":"news","status":"publish","type":"page","link":"https:\/\/ecotecgroup.com\/en\/news\/","title":{"rendered":"News"},"content":{"rendered":"\n<style type=\"text\/css\" data-created_by=\"avia_inline_auto\" id=\"style-css-av-krdd0u7z-e4dc31a8f687b63ef6e9bc73876d89f8\">\n.avia-section.av-krdd0u7z-e4dc31a8f687b63ef6e9bc73876d89f8{\nbackground-color:#00007f;\nbackground-image:unset;\n}\n<\/style>\n<div id='av_section_1'  class='avia-section av-krdd0u7z-e4dc31a8f687b63ef6e9bc73876d89f8 main_color avia-section-default avia-no-border-styling  avia-builder-el-0  el_before_av_submenu  avia-builder-el-first  avia-bg-style-scroll container_wrap fullsize'  ><div class='container av-section-cont-open' ><main  role=\"main\" itemprop=\"mainContentOfPage\"  class='template-page content  av-content-full alpha units'><div class='post-entry post-entry-type-page post-entry-200'><div class='entry-content-wrapper clearfix'>\n\n<style type=\"text\/css\" data-created_by=\"avia_inline_auto\" id=\"style-css-av-krdd1gie-ba2fd3d132e3717066138fc98d15917c\">\n#top .av_textblock_section.av-krdd1gie-ba2fd3d132e3717066138fc98d15917c .avia_textblock{\ncolor:#ffffff;\n}\n<\/style>\n<section  class='av_textblock_section av-krdd1gie-ba2fd3d132e3717066138fc98d15917c '   itemscope=\"itemscope\" itemtype=\"https:\/\/schema.org\/CreativeWork\" ><div class='avia_textblock av_inherit_color'  itemprop=\"text\" ><h1>Notizie di Ecotec<\/h1>\n<\/div><\/section>\n\n<\/div><\/div><\/main><!-- close content main element --><\/div><\/div><div class='clear'><\/div><div id='sub_menu1'  class='av-submenu-container av-nhx34-28d72cd13a123051c0dcef1595b8342e header_color  avia-builder-el-2  el_after_av_section  el_before_av_textblock  av-sticky-submenu submenu-not-first container_wrap fullsize' style='z-index:301' ><div class='container av-menu-mobile-disabled av-submenu-pos-center'><ul id=\"menu-menu-attivita\" class=\"av-subnav-menu\" role=\"menu\"><li role=\"menuitem\" id=\"menu-item-805\" class=\"menu-item menu-item-type-post_type menu-item-object-page menu-item-has-children menu-item-top-level menu-item-top-level-1\"><a href=\"https:\/\/ecotecgroup.com\/en\/attivita\/ricerca-e-sviluppo\/\" itemprop=\"url\" tabindex=\"0\"><span class=\"avia-bullet\"><\/span><span class=\"avia-menu-text\">Ricerca e sviluppo<\/span><span class=\"avia-menu-fx\"><span class=\"avia-arrow-wrap\"><span class=\"avia-arrow\"><\/span><\/span><\/span><\/a>\n\n\n<ul class=\"sub-menu\">\n\t<li role=\"menuitem\" id=\"menu-item-2369\" class=\"menu-item menu-item-type-post_type menu-item-object-page\"><a href=\"https:\/\/ecotecgroup.com\/en\/attivita\/ricerca-e-sviluppo\/centro-ricerche\/\" itemprop=\"url\" tabindex=\"0\"><span class=\"avia-bullet\"><\/span><span class=\"avia-menu-text\">Centro ricerche<\/span><\/a><\/li>\n\t<li role=\"menuitem\" id=\"menu-item-2370\" class=\"menu-item menu-item-type-post_type menu-item-object-page\"><a href=\"https:\/\/ecotecgroup.com\/en\/attivita\/ricerca-e-sviluppo\/recupero-metalli\/\" itemprop=\"url\" tabindex=\"0\"><span class=\"avia-bullet\"><\/span><span class=\"avia-menu-text\">Recupero metalli<\/span><\/a><\/li>\n\t<li role=\"menuitem\" id=\"menu-item-2371\" class=\"menu-item menu-item-type-post_type menu-item-object-page\"><a href=\"https:\/\/ecotecgroup.com\/en\/attivita\/ricerca-e-sviluppo\/soluzioni-di-economia-circolare\/\" itemprop=\"url\" tabindex=\"0\"><span class=\"avia-bullet\"><\/span><span class=\"avia-menu-text\">Soluzioni di economia circolare<\/span><\/a><\/li>\n<\/ul>\n<\/li>\n<li role=\"menuitem\" id=\"menu-item-803\" class=\"menu-item menu-item-type-post_type menu-item-object-page menu-item-has-children menu-item-top-level menu-item-top-level-2\"><a href=\"https:\/\/ecotecgroup.com\/en\/attivita\/impianti-fissi-e-mobili\/\" itemprop=\"url\" tabindex=\"0\"><span class=\"avia-bullet\"><\/span><span class=\"avia-menu-text\">Impianti fissi e mobili<\/span><span class=\"avia-menu-fx\"><span class=\"avia-arrow-wrap\"><span class=\"avia-arrow\"><\/span><\/span><\/span><\/a>\n\n\n<ul class=\"sub-menu\">\n\t<li role=\"menuitem\" id=\"menu-item-2367\" class=\"menu-item menu-item-type-post_type menu-item-object-page\"><a href=\"https:\/\/ecotecgroup.com\/en\/attivita\/impianti-fissi-e-mobili\/piattaforma-trattamento-rifiuti-di-assemini\/\" itemprop=\"url\" tabindex=\"0\"><span class=\"avia-bullet\"><\/span><span class=\"avia-menu-text\">Piattaforma trattamento rifiuti di Assemini<\/span><\/a><\/li>\n\t<li role=\"menuitem\" id=\"menu-item-2366\" class=\"menu-item menu-item-type-post_type menu-item-object-page\"><a href=\"https:\/\/ecotecgroup.com\/en\/attivita\/impianti-fissi-e-mobili\/impianti-mobili\/\" itemprop=\"url\" tabindex=\"0\"><span class=\"avia-bullet\"><\/span><span class=\"avia-menu-text\">Impianti mobili<\/span><\/a><\/li>\n\t<li role=\"menuitem\" id=\"menu-item-2368\" class=\"menu-item menu-item-type-post_type menu-item-object-page\"><a href=\"https:\/\/ecotecgroup.com\/en\/attivita\/impianti-fissi-e-mobili\/riduzione-volumetrica-rifiuti-per-termoessicazione-fanghi\/\" itemprop=\"url\" tabindex=\"0\"><span class=\"avia-bullet\"><\/span><span class=\"avia-menu-text\">Riduzione volumetrica rifiuti per termoessiccazione fanghi<\/span><\/a><\/li>\n<\/ul>\n<\/li>\n<li role=\"menuitem\" id=\"menu-item-802\" class=\"menu-item menu-item-type-post_type menu-item-object-page menu-item-has-children menu-item-top-level menu-item-top-level-3\"><a href=\"https:\/\/ecotecgroup.com\/en\/attivita\/impianti-chiavi-in-mano\/\" itemprop=\"url\" tabindex=\"0\"><span class=\"avia-bullet\"><\/span><span class=\"avia-menu-text\">Impianti chiavi in mano<\/span><span class=\"avia-menu-fx\"><span class=\"avia-arrow-wrap\"><span class=\"avia-arrow\"><\/span><\/span><\/span><\/a>\n\n\n<ul class=\"sub-menu\">\n\t<li role=\"menuitem\" id=\"menu-item-2364\" class=\"menu-item menu-item-type-post_type menu-item-object-page\"><a href=\"https:\/\/ecotecgroup.com\/en\/attivita\/impianti-chiavi-in-mano\/progettazione-impianti-trattamento-acque-reflue\/\" itemprop=\"url\" tabindex=\"0\"><span class=\"avia-bullet\"><\/span><span class=\"avia-menu-text\">Progettazione impianti trattamento acque reflue<\/span><\/a><\/li>\n\t<li role=\"menuitem\" id=\"menu-item-2365\" class=\"menu-item menu-item-type-post_type menu-item-object-page\"><a href=\"https:\/\/ecotecgroup.com\/en\/attivita\/impianti-chiavi-in-mano\/progettazione-impianti-trattamento-rifiuti-solidi\/\" itemprop=\"url\" tabindex=\"0\"><span class=\"avia-bullet\"><\/span><span class=\"avia-menu-text\">Progettazione impianti trattamento rifiuti solidi<\/span><\/a><\/li>\n<\/ul>\n<\/li>\n<li role=\"menuitem\" id=\"menu-item-804\" class=\"menu-item menu-item-type-post_type menu-item-object-page menu-item-top-level menu-item-top-level-4\"><a href=\"https:\/\/ecotecgroup.com\/en\/attivita\/intermediazione-rifiuti\/\" itemprop=\"url\" tabindex=\"0\"><span class=\"avia-bullet\"><\/span><span class=\"avia-menu-text\">Intermediazione rifiuti<\/span><span class=\"avia-menu-fx\"><span class=\"avia-arrow-wrap\"><span class=\"avia-arrow\"><\/span><\/span><\/span><\/a><\/li>\n<\/ul><\/div><\/div><div class='sticky_placeholder'><\/div><div id='after_submenu_1'  class='main_color av_default_container_wrap container_wrap fullsize'  ><div class='container av-section-cont-open' ><div class='template-page content  av-content-full alpha units'><div class='post-entry post-entry-type-page post-entry-200'><div class='entry-content-wrapper clearfix'>\n<section  class='av_textblock_section av-kto8ahwk-ef04d159b0b6b31fe694eabe1f69e402 '   itemscope=\"itemscope\" itemtype=\"https:\/\/schema.org\/CreativeWork\" ><div class='avia_textblock'  itemprop=\"text\" ><h3>Novit\u00e0 e aggiornamenti<\/h3>\n<p>Un&#8217;agenda con le principali iniziative promosse da Ecotec: nuove partnership, costruzione di nuovi impianti, sviluppo di nuove tecnologie, partecipazione a summit nazionali e internazionali.<\/p>\n<\/div><\/section>\n\n<style type=\"text\/css\" data-created_by=\"avia_inline_auto\" id=\"style-css-av-kto8b6q0-b06b088271ae761ce53fd6d581b3ffa1\">\n#top .hr.hr-invisible.av-kto8b6q0-b06b088271ae761ce53fd6d581b3ffa1{\nheight:50px;\n}\n<\/style>\n<div  class='hr av-kto8b6q0-b06b088271ae761ce53fd6d581b3ffa1 hr-invisible  avia-builder-el-4  el_after_av_textblock  el_before_av_textblock '><span class='hr-inner '><span class=\"hr-inner-style\"><\/span><\/span><\/div>\n<section  class='av_textblock_section av-ktn53rjb-cd8cd3ca63270041cb3737ea6e62bbeb '   itemscope=\"itemscope\" itemtype=\"https:\/\/schema.org\/CreativeWork\" ><div class='avia_textblock'  itemprop=\"text\" ><p style=\"text-align: center;\"><div class=\"wpbm-post-outer-wrapper-614251674  wpbm-main-blog-wrapper  wpbm-list-template-8 wpbm-list wpbm-left-image\" \n     data-id=\"wpbm_1366015\"\n     data-large-column = \"2\"\n     data-small-column = \"2\">\n                     <div class=\"wpbm-layout-list-section\">\r\n        <div class=\"wpbm-list-inner-wrap\">\r\n                <div class=\"wpbm-clearfix\">\r\n                <div class = \"wpbm-first-inner-wrap\">\r\n                        <div class=\"wpbm-image\">                <a href=\"https:\/\/ecotecgroup.com\/en\/materie-prime-critiche-dagli-scarti-industriali-nuove-interviste-del-dottor-aldo-imerito\/\" >\n                    <img decoding=\"async\" loading=\"lazy\" width=\"300\" height=\"200\" src=\"https:\/\/ecotecgroup.com\/wp-content\/uploads\/2024\/11\/CRITICAL-RAW-MATERIALS-FROM-INDUSTRIAL-WASTE-300x200.jpeg\" class=\"wp-image-3069 avia-img-lazy-loading-3069 attachment-medium size-medium wp-post-image\" alt=\"\" srcset=\"https:\/\/ecotecgroup.com\/wp-content\/uploads\/2024\/11\/CRITICAL-RAW-MATERIALS-FROM-INDUSTRIAL-WASTE-300x200.jpeg 300w, https:\/\/ecotecgroup.com\/wp-content\/uploads\/2024\/11\/CRITICAL-RAW-MATERIALS-FROM-INDUSTRIAL-WASTE-768x512.jpeg 768w, https:\/\/ecotecgroup.com\/wp-content\/uploads\/2024\/11\/CRITICAL-RAW-MATERIALS-FROM-INDUSTRIAL-WASTE-18x12.jpeg 18w, https:\/\/ecotecgroup.com\/wp-content\/uploads\/2024\/11\/CRITICAL-RAW-MATERIALS-FROM-INDUSTRIAL-WASTE-705x470.jpeg 705w, https:\/\/ecotecgroup.com\/wp-content\/uploads\/2024\/11\/CRITICAL-RAW-MATERIALS-FROM-INDUSTRIAL-WASTE.jpeg 1000w\" sizes=\"auto, (max-width: 300px) 100vw, 300px\" \/>                <\/a>\n                <\/div>\n                    <\/div>\r\n                <div class=\"wpbm-second-inner-wrap\">\r\n                    <div class=\"wpbm-title\">\r\n            <a href=\"https:\/\/ecotecgroup.com\/en\/materie-prime-critiche-dagli-scarti-industriali-nuove-interviste-del-dottor-aldo-imerito\/\" target=\"_self\">\r\n            Materie prime critiche dagli scarti industriali: nuove interviste del Dottor Aldo Imerito        <\/a>\r\n        <\/div>\r\n                    <div class=\"wpbm-meta-wrap\">\r\n                                                    <div class=\"wpbm-date\">November 15, 2024 1:51 pm<\/div>\r\n                                                <\/div>\r\n\r\n                        <div class = \"wpbm-content\"> Siamo lieti di pubblicare due recenti interviste del Dottor Aldo Imerito, inerenti Il recupero di materie prime critiche. INTERVISTA N.1 L&#8217;intervista \u00e8 fruibile dal minuto 09:13 al minuto 13:01. INTERVISTA N.2<\/div>\n                    <\/div>\r\n            <\/div>\r\n        <\/div>\r\n\r\n<div class=\"wpbm-list-inner-wrap\">\r\n                <div class=\"wpbm-clearfix\">\r\n                <div class = \"wpbm-first-inner-wrap\">\r\n                        <div class=\"wpbm-image\">                <a href=\"https:\/\/ecotecgroup.com\/en\/ecotec-compie-40-anni\/\" >\n                    <img decoding=\"async\" loading=\"lazy\" width=\"300\" height=\"208\" src=\"https:\/\/ecotecgroup.com\/wp-content\/uploads\/2021\/11\/40-anni-copia-300x208.jpeg\" class=\"wp-image-2130 avia-img-lazy-loading-2130 attachment-medium size-medium wp-post-image\" alt=\"\" srcset=\"https:\/\/ecotecgroup.com\/wp-content\/uploads\/2021\/11\/40-anni-copia-300x208.jpeg 300w, https:\/\/ecotecgroup.com\/wp-content\/uploads\/2021\/11\/40-anni-copia-18x12.jpeg 18w, https:\/\/ecotecgroup.com\/wp-content\/uploads\/2021\/11\/40-anni-copia-705x489.jpeg 705w, https:\/\/ecotecgroup.com\/wp-content\/uploads\/2021\/11\/40-anni-copia.jpeg 768w\" sizes=\"auto, (max-width: 300px) 100vw, 300px\" \/>                <\/a>\n                <\/div>\n                    <\/div>\r\n                <div class=\"wpbm-second-inner-wrap\">\r\n                    <div class=\"wpbm-title\">\r\n            <a href=\"https:\/\/ecotecgroup.com\/en\/ecotec-compie-40-anni\/\" target=\"_self\">\r\n            Ecotec compie 40 anni!        <\/a>\r\n        <\/div>\r\n                    <div class=\"wpbm-meta-wrap\">\r\n                                                    <div class=\"wpbm-date\">November 22, 2021 11:07 am<\/div>\r\n                                                <\/div>\r\n\r\n                        <div class = \"wpbm-content\"> Lo scorso 9 Novembre il Gruppo Ecotec ha raggiunto i suoi primi 40 anni di attivit\u00e0! Un primo traguardo di un cammino che auspichiamo ancora lungo e prosperoso, auguri Ecotec!<\/div>\n                    <\/div>\r\n            <\/div>\r\n        <\/div>\r\n\r\n<div class=\"wpbm-list-inner-wrap\">\r\n                <div class=\"wpbm-clearfix\">\r\n                <div class = \"wpbm-first-inner-wrap\">\r\n                        <div class=\"wpbm-image\">                <a href=\"https:\/\/ecotecgroup.com\/en\/nuovo-sito-ecotec\/\" >\n                    <img decoding=\"async\" loading=\"lazy\" width=\"300\" height=\"149\" src=\"https:\/\/ecotecgroup.com\/wp-content\/uploads\/2021\/09\/Schermata-2021-11-22-alle-12.23.39-300x149.jpg\" class=\"wp-image-2153 avia-img-lazy-loading-2153 attachment-medium size-medium wp-post-image\" alt=\"\" srcset=\"https:\/\/ecotecgroup.com\/wp-content\/uploads\/2021\/09\/Schermata-2021-11-22-alle-12.23.39-300x149.jpg 300w, https:\/\/ecotecgroup.com\/wp-content\/uploads\/2021\/09\/Schermata-2021-11-22-alle-12.23.39-1030x511.jpg 1030w, https:\/\/ecotecgroup.com\/wp-content\/uploads\/2021\/09\/Schermata-2021-11-22-alle-12.23.39-768x381.jpg 768w, https:\/\/ecotecgroup.com\/wp-content\/uploads\/2021\/09\/Schermata-2021-11-22-alle-12.23.39-1536x762.jpg 1536w, https:\/\/ecotecgroup.com\/wp-content\/uploads\/2021\/09\/Schermata-2021-11-22-alle-12.23.39-18x9.jpg 18w, https:\/\/ecotecgroup.com\/wp-content\/uploads\/2021\/09\/Schermata-2021-11-22-alle-12.23.39-1500x744.jpg 1500w, https:\/\/ecotecgroup.com\/wp-content\/uploads\/2021\/09\/Schermata-2021-11-22-alle-12.23.39-705x350.jpg 705w, https:\/\/ecotecgroup.com\/wp-content\/uploads\/2021\/09\/Schermata-2021-11-22-alle-12.23.39.jpg 1600w\" sizes=\"auto, (max-width: 300px) 100vw, 300px\" \/>                <\/a>\n                <\/div>\n                    <\/div>\r\n                <div class=\"wpbm-second-inner-wrap\">\r\n                    <div class=\"wpbm-title\">\r\n            <a href=\"https:\/\/ecotecgroup.com\/en\/nuovo-sito-ecotec\/\" target=\"_self\">\r\n            Nuovo sito Ecotec        <\/a>\r\n        <\/div>\r\n                    <div class=\"wpbm-meta-wrap\">\r\n                                                    <div class=\"wpbm-date\">September 26, 2021 4:11 pm<\/div>\r\n                                                <\/div>\r\n\r\n                        <div class = \"wpbm-content\"> Finalmente online il nostro nuovo sito. Buona Navigazione.<\/div>\n                    <\/div>\r\n            <\/div>\r\n        <\/div>\r\n\r\n<div class=\"wpbm-list-inner-wrap\">\r\n                <div class=\"wpbm-clearfix\">\r\n                <div class = \"wpbm-first-inner-wrap\">\r\n                        <div class=\"wpbm-image\">                <a href=\"https:\/\/ecotecgroup.com\/en\/iso-45001-2018\/\" >\n                    <img decoding=\"async\" loading=\"lazy\" width=\"300\" height=\"225\" src=\"https:\/\/ecotecgroup.com\/wp-content\/uploads\/2021\/07\/news-certificazione-300x225.jpg\" class=\"wp-image-1137 avia-img-lazy-loading-1137 attachment-medium size-medium wp-post-image\" alt=\"\" srcset=\"https:\/\/ecotecgroup.com\/wp-content\/uploads\/2021\/07\/news-certificazione-300x225.jpg 300w, https:\/\/ecotecgroup.com\/wp-content\/uploads\/2021\/07\/news-certificazione-768x576.jpg 768w, https:\/\/ecotecgroup.com\/wp-content\/uploads\/2021\/07\/news-certificazione-16x12.jpg 16w, https:\/\/ecotecgroup.com\/wp-content\/uploads\/2021\/07\/news-certificazione-705x529.jpg 705w, https:\/\/ecotecgroup.com\/wp-content\/uploads\/2021\/07\/news-certificazione.jpg 800w\" sizes=\"auto, (max-width: 300px) 100vw, 300px\" \/>                <\/a>\n                <\/div>\n                    <\/div>\r\n                <div class=\"wpbm-second-inner-wrap\">\r\n                    <div class=\"wpbm-title\">\r\n            <a href=\"https:\/\/ecotecgroup.com\/en\/iso-45001-2018\/\" target=\"_self\">\r\n            ISO 45001-2018        <\/a>\r\n        <\/div>\r\n                    <div class=\"wpbm-meta-wrap\">\r\n                                                    <div class=\"wpbm-date\">January 21, 2020 1:33 pm<\/div>\r\n                                                <\/div>\r\n\r\n                        <div class = \"wpbm-content\"> Siamo lieti di comunicare che nel dicembre 2019 Ecotec Gestione\u00a0Impainti srl ha conseguito la certificazione ISO 45001-2018 concernente\u00a0la sicurezza sul lavoro, che si \u00e8 quindi aggiunta alle certificazioni\u00a0ISO 14001-2005 ed ISO 9001-2015, relative rispettivamente all&#8217;ambiente\u00a0ed alla qualit\u00e0, gi\u00e0 in suo possesso. La creazione ed il mantenimento di un Sistema di Gestione Integrato, che\u00a0comprende Qualit\u00e0, Ambiente [&hellip;]<\/div>\n                    <\/div>\r\n            <\/div>\r\n        <\/div>\r\n\r\n<div class=\"wpbm-list-inner-wrap\">\r\n                <div class=\"wpbm-clearfix\">\r\n                <div class = \"wpbm-first-inner-wrap\">\r\n                        <div class=\"wpbm-image\">                <a href=\"https:\/\/ecotecgroup.com\/en\/scandio-metalli-pregiati-e-terre-rare-i-fanghi-rossi-convertiti-in-risorse\/\" >\n                    <img decoding=\"async\" loading=\"lazy\" width=\"300\" height=\"176\" src=\"https:\/\/ecotecgroup.com\/wp-content\/uploads\/2019\/08\/image-300x176.jpeg\" class=\"wp-image-1152 avia-img-lazy-loading-1152 attachment-medium size-medium wp-post-image\" alt=\"\" srcset=\"https:\/\/ecotecgroup.com\/wp-content\/uploads\/2019\/08\/image-300x176.jpeg 300w, https:\/\/ecotecgroup.com\/wp-content\/uploads\/2019\/08\/image-768x451.jpeg 768w, https:\/\/ecotecgroup.com\/wp-content\/uploads\/2019\/08\/image-18x12.jpeg 18w, https:\/\/ecotecgroup.com\/wp-content\/uploads\/2019\/08\/image-705x414.jpeg 705w, https:\/\/ecotecgroup.com\/wp-content\/uploads\/2019\/08\/image.jpeg 907w\" sizes=\"auto, (max-width: 300px) 100vw, 300px\" \/>                <\/a>\n                <\/div>\n                    <\/div>\r\n                <div class=\"wpbm-second-inner-wrap\">\r\n                    <div class=\"wpbm-title\">\r\n            <a href=\"https:\/\/ecotecgroup.com\/en\/scandio-metalli-pregiati-e-terre-rare-i-fanghi-rossi-convertiti-in-risorse\/\" target=\"_self\">\r\n            Scandio, metalli pregiati e terre rare, i fanghi rossi convertiti in risorse        <\/a>\r\n        <\/div>\r\n                    <div class=\"wpbm-meta-wrap\">\r\n                                                    <div class=\"wpbm-date\">August 9, 2019 3:33 pm<\/div>\r\n                                                <\/div>\r\n\r\n                        <div class = \"wpbm-content\"> Il giorno 22 luglio dell&#8217;anno 2019 su &#8220;Il Sole 24 Ore&#8220;, alla sezione &#8220;Tecnologia&#8221;, \u00e8 stato pubblicato un articolo riguardante il riciclo dei rifiuti industriali derivanti dalla lavorazione della bauxite, procedura ideata da Ecotec attraverso il proprio Centro Ricerche, dalla medesima brevettata e successivamente validata dal\u00a0Politecnico di Milano e dal CESA di Cagliari. Scandio,\u00a0metalli pregiati [&hellip;]<\/div>\n                    <\/div>\r\n            <\/div>\r\n        <\/div>\r\n\r\n<div class=\"wpbm-list-inner-wrap\">\r\n                <div class=\"wpbm-clearfix\">\r\n                <div class = \"wpbm-first-inner-wrap\">\r\n                        <div class=\"wpbm-image\">                <a href=\"https:\/\/ecotecgroup.com\/en\/borse-di-studio-ai-migliori-laureati-in-ingegneria-chimica-di-unica\/\" >\n                    <img decoding=\"async\" loading=\"lazy\" width=\"300\" height=\"176\" src=\"https:\/\/ecotecgroup.com\/wp-content\/uploads\/2021\/09\/image-12-300x176.jpeg\" class=\"wp-image-1144 avia-img-lazy-loading-1144 attachment-medium size-medium wp-post-image\" alt=\"\" srcset=\"https:\/\/ecotecgroup.com\/wp-content\/uploads\/2021\/09\/image-12-300x176.jpeg 300w, https:\/\/ecotecgroup.com\/wp-content\/uploads\/2021\/09\/image-12-18x12.jpeg 18w, https:\/\/ecotecgroup.com\/wp-content\/uploads\/2021\/09\/image-12-705x412.jpeg 705w, https:\/\/ecotecgroup.com\/wp-content\/uploads\/2021\/09\/image-12.jpeg 711w\" sizes=\"auto, (max-width: 300px) 100vw, 300px\" \/>                <\/a>\n                <\/div>\n                    <\/div>\r\n                <div class=\"wpbm-second-inner-wrap\">\r\n                    <div class=\"wpbm-title\">\r\n            <a href=\"https:\/\/ecotecgroup.com\/en\/borse-di-studio-ai-migliori-laureati-in-ingegneria-chimica-di-unica\/\" target=\"_self\">\r\n            Borse di Studio ai migliori laureati in Ingegneria Chimica di &#8220;UniCa&#8221;        <\/a>\r\n        <\/div>\r\n                    <div class=\"wpbm-meta-wrap\">\r\n                                                    <div class=\"wpbm-date\">August 9, 2019 3:28 pm<\/div>\r\n                                                <\/div>\r\n\r\n                        <div class = \"wpbm-content\"> Il giorno 25 luglio 209, sul sito web istituzionale della universit\u00e0 di Cagliari \u00e8 stato pubblicato un articolo riguardante l&#8217;assegnazione delle borse di studio di Saras, Ecotec\u00a0e Fluorsid ad alcuni neoingegneri. Ecco l&#8217;articolo: Ai neoingegneri Federico Atzori, Francesca Cappai, Marco Dessalvi e Anna Laura Sanna, che stanno proseguendo gli studi all\u2019Universit\u00e0 di Cagliari per la [&hellip;]<\/div>\n                    <\/div>\r\n            <\/div>\r\n        <\/div>\r\n\r\n<div class=\"wpbm-list-inner-wrap\">\r\n                <div class=\"wpbm-clearfix\">\r\n                <div class = \"wpbm-first-inner-wrap\">\r\n                        <div class=\"wpbm-image\">                <a href=\"https:\/\/ecotecgroup.com\/en\/il-sole-24-ore-parla-di-noi\/\" >\n                    <img decoding=\"async\" loading=\"lazy\" width=\"300\" height=\"150\" src=\"https:\/\/ecotecgroup.com\/wp-content\/uploads\/2021\/09\/image-14-300x150.jpeg\" class=\"wp-image-1155 avia-img-lazy-loading-1155 attachment-medium size-medium wp-post-image\" alt=\"\" srcset=\"https:\/\/ecotecgroup.com\/wp-content\/uploads\/2021\/09\/image-14-300x150.jpeg 300w, https:\/\/ecotecgroup.com\/wp-content\/uploads\/2021\/09\/image-14-1030x515.jpeg 1030w, https:\/\/ecotecgroup.com\/wp-content\/uploads\/2021\/09\/image-14-768x384.jpeg 768w, https:\/\/ecotecgroup.com\/wp-content\/uploads\/2021\/09\/image-14-1536x768.jpeg 1536w, https:\/\/ecotecgroup.com\/wp-content\/uploads\/2021\/09\/image-14-18x9.jpeg 18w, https:\/\/ecotecgroup.com\/wp-content\/uploads\/2021\/09\/image-14-1500x750.jpeg 1500w, https:\/\/ecotecgroup.com\/wp-content\/uploads\/2021\/09\/image-14-705x353.jpeg 705w, https:\/\/ecotecgroup.com\/wp-content\/uploads\/2021\/09\/image-14.jpeg 2000w\" sizes=\"auto, (max-width: 300px) 100vw, 300px\" \/>                <\/a>\n                <\/div>\n                    <\/div>\r\n                <div class=\"wpbm-second-inner-wrap\">\r\n                    <div class=\"wpbm-title\">\r\n            <a href=\"https:\/\/ecotecgroup.com\/en\/il-sole-24-ore-parla-di-noi\/\" target=\"_self\">\r\n            Il Sole 24 Ore parla di noi        <\/a>\r\n        <\/div>\r\n                    <div class=\"wpbm-meta-wrap\">\r\n                                                    <div class=\"wpbm-date\">February 20, 2017 3:36 pm<\/div>\r\n                                                <\/div>\r\n\r\n                        <div class = \"wpbm-content\"> Dai residui industriali della raffinazione della bauxite un\u2019opportunit\u00e0. Perch\u00e9, \u00abcon gli opportuni trattamenti\u00bb, anche il materiale normalmente destinato alla discarica, pu\u00f2 diventare una risorsa. Il progetto, gi\u00e0 brevettato, parte dalla Sardegna ma \u00e8 destinato al panorama industriale metallurgico internazionale. I tecnici e i ricercatori della Ecotec, azienda operante nel polo industriale di Macchiareddu (a una [&hellip;]<\/div>\n                    <\/div>\r\n            <\/div>\r\n        <\/div>\r\n\r\n<div class=\"wpbm-list-inner-wrap\">\r\n                <div class=\"wpbm-clearfix\">\r\n                <div class = \"wpbm-first-inner-wrap\">\r\n                        <div class=\"wpbm-image\">                <a href=\"https:\/\/ecotecgroup.com\/en\/hammamet-tunisia\/\" >\n                    <img decoding=\"async\" loading=\"lazy\" width=\"300\" height=\"225\" src=\"https:\/\/ecotecgroup.com\/wp-content\/uploads\/2021\/09\/image-15-300x225.jpeg\" class=\"wp-image-1160 avia-img-lazy-loading-1160 attachment-medium size-medium wp-post-image\" alt=\"\" srcset=\"https:\/\/ecotecgroup.com\/wp-content\/uploads\/2021\/09\/image-15-300x225.jpeg 300w, https:\/\/ecotecgroup.com\/wp-content\/uploads\/2021\/09\/image-15-16x12.jpeg 16w, https:\/\/ecotecgroup.com\/wp-content\/uploads\/2021\/09\/image-15.jpeg 648w\" sizes=\"auto, (max-width: 300px) 100vw, 300px\" \/>                <\/a>\n                <\/div>\n                    <\/div>\r\n                <div class=\"wpbm-second-inner-wrap\">\r\n                    <div class=\"wpbm-title\">\r\n            <a href=\"https:\/\/ecotecgroup.com\/en\/hammamet-tunisia\/\" target=\"_self\">\r\n            Hammamet (Tunisia)        <\/a>\r\n        <\/div>\r\n                    <div class=\"wpbm-meta-wrap\">\r\n                                                    <div class=\"wpbm-date\">May 25, 2015 3:42 pm<\/div>\r\n                                                <\/div>\r\n\r\n                        <div class = \"wpbm-content\"> Si \u00e8 concluso con un bilancio molto positivo il 1\u00b0 Convegno Internazionale Green Business and Substainable Development,\u00a0organizzato dal Technopole di Borj Cedria in collaborazione con il Gruppo Ecotec presso l\u2019Hotel Laico di Hammet il 14, 15 e 16 maggio 2015. I lavori del Congresso sono iniziati la mattina del 14 maggio con il discorso inaugurale [&hellip;]<\/div>\n                    <\/div>\r\n            <\/div>\r\n        <\/div>\r\n\r\n<div class=\"wpbm-list-inner-wrap\">\r\n                <div class=\"wpbm-clearfix\">\r\n                <div class = \"wpbm-first-inner-wrap\">\r\n                        <div class=\"wpbm-image\">                <a href=\"https:\/\/ecotecgroup.com\/en\/accordo-di-cooperazione-internazionale-ecotec-institut-superieur-des-sciences-et-technologies-de-lenvironnement-de-borj-cedria\/\" >\n                    <img decoding=\"async\" loading=\"lazy\" width=\"300\" height=\"151\" src=\"https:\/\/ecotecgroup.com\/wp-content\/uploads\/2021\/09\/image-16-300x151.jpeg\" class=\"wp-image-1163 avia-img-lazy-loading-1163 attachment-medium size-medium wp-post-image\" alt=\"\" srcset=\"https:\/\/ecotecgroup.com\/wp-content\/uploads\/2021\/09\/image-16-300x151.jpeg 300w, https:\/\/ecotecgroup.com\/wp-content\/uploads\/2021\/09\/image-16-18x9.jpeg 18w, https:\/\/ecotecgroup.com\/wp-content\/uploads\/2021\/09\/image-16.jpeg 400w\" sizes=\"auto, (max-width: 300px) 100vw, 300px\" \/>                <\/a>\n                <\/div>\n                    <\/div>\r\n                <div class=\"wpbm-second-inner-wrap\">\r\n                    <div class=\"wpbm-title\">\r\n            <a href=\"https:\/\/ecotecgroup.com\/en\/accordo-di-cooperazione-internazionale-ecotec-institut-superieur-des-sciences-et-technologies-de-lenvironnement-de-borj-cedria\/\" target=\"_self\">\r\n            Accordo di cooperazione internazionale Ecotec &#8211; Institut Sup\u00e9rieur Des Sciences et Technologies de l\u2019Environnement de Borj-C\u00e9dria        <\/a>\r\n        <\/div>\r\n                    <div class=\"wpbm-meta-wrap\">\r\n                                                    <div class=\"wpbm-date\">March 27, 2015 3:43 pm<\/div>\r\n                                                <\/div>\r\n\r\n                        <div class = \"wpbm-content\"> Il Gruppo Ecotec e l\u2019Istituto Superiore di Scienze e Tecnologie ambientali di Borj-Cedria (Tunisia) hanno siglato un importante accordo di cooperazione internazionale della durata di quattro anni. Il Presidente del Gruppo Ecotec dott. Aldo Imerito spiega che l\u2019obiettivo dell\u2019accordo \u00e8 quello di \u201ccondividere esperienze operative , tecnologie e conoscenze del mercato dei rifiuti industriali italiani [&hellip;]<\/div>\n                    <\/div>\r\n            <\/div>\r\n        <\/div>\r\n\r\n<div class=\"wpbm-list-inner-wrap\">\r\n                <div class=\"wpbm-clearfix\">\r\n                <div class = \"wpbm-first-inner-wrap\">\r\n                        <div class=\"wpbm-image\">                <a href=\"https:\/\/ecotecgroup.com\/en\/visita-a-kokkola-del-dott-aldo-imerito\/\" >\n                    <img decoding=\"async\" loading=\"lazy\" width=\"246\" height=\"190\" src=\"https:\/\/ecotecgroup.com\/wp-content\/uploads\/2021\/09\/image-17.jpeg\" class=\"wp-image-1166 avia-img-lazy-loading-1166 attachment-medium size-medium wp-post-image\" alt=\"\" srcset=\"https:\/\/ecotecgroup.com\/wp-content\/uploads\/2021\/09\/image-17.jpeg 246w, https:\/\/ecotecgroup.com\/wp-content\/uploads\/2021\/09\/image-17-16x12.jpeg 16w\" sizes=\"auto, (max-width: 246px) 100vw, 246px\" \/>                <\/a>\n                <\/div>\n                    <\/div>\r\n                <div class=\"wpbm-second-inner-wrap\">\r\n                    <div class=\"wpbm-title\">\r\n            <a href=\"https:\/\/ecotecgroup.com\/en\/visita-a-kokkola-del-dott-aldo-imerito\/\" target=\"_self\">\r\n            Visita a Kokkola del dott. Aldo Imerito        <\/a>\r\n        <\/div>\r\n                    <div class=\"wpbm-meta-wrap\">\r\n                                                    <div class=\"wpbm-date\">February 5, 2015 3:45 pm<\/div>\r\n                                                <\/div>\r\n\r\n                        <div class = \"wpbm-content\"> Nell\u2019ottica di ampliare le proprie attivit\u00e0 al di fuori del territorio nazionale, Il Gruppo Ecotec prosegue nella propria politica di espansione di contatti commerciali. A fine gennaio 2015, il Dr. Aldo Imerito, assieme ai suoi collaboratori, ha visitato lo stabilimento Boliden di Kokkola (Finlandia), il secondo pi\u00f9 grande stabilimento di produzione dello zinco in Europa. [&hellip;]<\/div>\n                    <\/div>\r\n            <\/div>\r\n        <\/div>\r\n\r\n    <\/div>\r\n            <div class=\"wpbm-load-more-block wpbm-load-more-template-2\">\r\n            <a class=\"wpbm-load-more-trigger\" href=\"javascript:void(0);\"\r\n               data-page-number=\"1\"\r\n               data-layout-type=\"list\"\r\n               data-post-id=\"745\"\r\n               data-total-page=\"2\"\r\n               >\r\n                   Carica di pi\u00f9            <\/a>\r\n                        <img decoding=\"async\" src=\"https:\/\/ecotecgroup.com\/wp-content\/plugins\/wp-blog-manager\/images\/loader\/loader-2.gif\" class=\"wpbm-ajax-loader\" style=\"display:none;\"\/>\r\n        <\/div>\r\n        <\/div>\n    <style>\r\n        .wpbm-list-template-4 .wpbm-content a:after {\r\n\r\n            font-family: 'Font Awesome 5 Free';\r\n            font-weight: 900;\r\n        }\r\n        .wpbm-grid-template-17 .wpbm-link-button a:after {\r\n\r\n            font-family: 'Font Awesome 5 Free';\r\n            font-weight: 900;\r\n        }\r\n        .wpbm-grid-template-26 .wpbm-link-button a:before {\r\n            font-family: 'Font Awesome 5 Free';\r\n            font-weight: 900;\r\n        }\r\n        .wpbm-masonry-template-4 .wpbm-author-name:before {\r\n            font-family: 'Font Awesome 5 Free';\r\n            font-weight: 900;\r\n        }\r\n        .wpbm-masonry-template-5 .wpbm-link-button a:after {\r\n            font-family: 'Font Awesome 5 Free';\r\n            font-weight: 900;\r\n        }\r\n        .wpbm-masonry-template-6 .wpbm-link-button a:after {\r\n            font-family: 'Font Awesome 5 Free';\r\n            font-weight: 900;\r\n        }\r\n        .wpbm-car-template-6 .wpbm-author-name:before {\r\n            font-family: 'Font Awesome 5 Free';\r\n            font-weight: 900;\r\n        }\r\n        .wpbm-car-template-6 .wpbm-car-meta-wrap > .wpbm-date:before {\r\n            font-family: 'Font Awesome 5 Free';\r\n            font-weight: 900;\r\n        }\r\n        .wpbm-car-template-6 .wpbm-car-meta-wrap > .wpbm-comment-wrap:before {\r\n            font-family: 'Font Awesome 5 Free';\r\n            font-weight: 900;\r\n        }\r\n        .wpbm-car-template-9 .wpbm-meta-wrap > div.wpbm-author-name:before {\r\n            font-family: 'Font Awesome 5 Free';\r\n            font-weight: 900;\r\n        }\r\n        .wpbm-car-template-10 .wpbm-author-comment-date .wpbm-author-name:before {\r\n            font-family: 'Font Awesome 5 Free';\r\n            font-weight: 900;\r\n        }\r\n        .wpbm-car-template-10 .wpbm-author-comment-date .wpbm-date:before {\r\n            font-family: 'Font Awesome 5 Free';\r\n            font-weight: 900;\r\n        }\r\n        .wpbm-car-template-13 .wpbm-link-button a:after {\r\n            font-family: 'Font Awesome 5 Free';\r\n            font-weight: 900;\r\n        }\r\n        .wpbm-content-template-2 .wpbm-thumbnail-date:before {\r\n            font-family: 'Font Awesome 5 Free';\r\n            font-weight: 900;\r\n        }\r\n    <\/style>\r\n    <\/p>\n<\/div><\/section>\n","protected":false},"excerpt":{"rendered":"","protected":false},"author":1,"featured_media":0,"parent":0,"menu_order":0,"comment_status":"closed","ping_status":"closed","template":"","meta":{"footnotes":""},"class_list":["post-200","page","type-page","status-publish","hentry"],"yoast_head":"<!-- This site is optimized with the Yoast SEO plugin v26.5 - https:\/\/yoast.com\/wordpress\/plugins\/seo\/ -->\n<title>Notizie - Ecotec Group<\/title>\n<meta name=\"robots\" content=\"index, follow, max-snippet:-1, max-image-preview:large, max-video-preview:-1\" \/>\n<link rel=\"canonical\" href=\"https:\/\/ecotecgroup.com\/en\/news\/\" \/>\n<meta property=\"og:locale\" content=\"en_GB\" \/>\n<meta property=\"og:type\" content=\"article\" \/>\n<meta property=\"og:title\" content=\"Notizie - Ecotec Group\" \/>\n<meta property=\"og:url\" content=\"https:\/\/ecotecgroup.com\/en\/news\/\" \/>\n<meta property=\"og:site_name\" content=\"Ecotec Group\" \/>\n<meta property=\"article:modified_time\" content=\"2021-10-07T16:24:15+00:00\" \/>\n<meta name=\"twitter:card\" content=\"summary_large_image\" \/>\n<meta name=\"twitter:label1\" content=\"Estimated reading time\" \/>\n\t<meta name=\"twitter:data1\" content=\"2 minutes\" \/>\n<script type=\"application\/ld+json\" class=\"yoast-schema-graph\">{\"@context\":\"https:\/\/schema.org\",\"@graph\":[{\"@type\":\"WebPage\",\"@id\":\"https:\/\/ecotecgroup.com\/news\/\",\"url\":\"https:\/\/ecotecgroup.com\/news\/\",\"name\":\"Notizie - Ecotec Group\",\"isPartOf\":{\"@id\":\"https:\/\/ecotecgroup.com\/#website\"},\"datePublished\":\"2021-07-21T10:44:51+00:00\",\"dateModified\":\"2021-10-07T16:24:15+00:00\",\"breadcrumb\":{\"@id\":\"https:\/\/ecotecgroup.com\/news\/#breadcrumb\"},\"inLanguage\":\"en-GB\",\"potentialAction\":[{\"@type\":\"ReadAction\",\"target\":[\"https:\/\/ecotecgroup.com\/news\/\"]}]},{\"@type\":\"BreadcrumbList\",\"@id\":\"https:\/\/ecotecgroup.com\/news\/#breadcrumb\",\"itemListElement\":[{\"@type\":\"ListItem\",\"position\":1,\"name\":\"Home\",\"item\":\"https:\/\/ecotecgroup.com\/\"},{\"@type\":\"ListItem\",\"position\":2,\"name\":\"Notizie\"}]},{\"@type\":\"WebSite\",\"@id\":\"https:\/\/ecotecgroup.com\/#website\",\"url\":\"https:\/\/ecotecgroup.com\/\",\"name\":\"Ecotec Group\",\"description\":\"Trattamento rifiuti industriali e recupero metalli e materiali\",\"potentialAction\":[{\"@type\":\"SearchAction\",\"target\":{\"@type\":\"EntryPoint\",\"urlTemplate\":\"https:\/\/ecotecgroup.com\/?s={search_term_string}\"},\"query-input\":{\"@type\":\"PropertyValueSpecification\",\"valueRequired\":true,\"valueName\":\"search_term_string\"}}],\"inLanguage\":\"en-GB\"}]}<\/script>\n<!-- \/ Yoast SEO plugin. -->","yoast_head_json":{"title":"Notizie - Ecotec Group","robots":{"index":"index","follow":"follow","max-snippet":"max-snippet:-1","max-image-preview":"max-image-preview:large","max-video-preview":"max-video-preview:-1"},"canonical":"https:\/\/ecotecgroup.com\/en\/news\/","og_locale":"en_GB","og_type":"article","og_title":"Notizie - Ecotec Group","og_url":"https:\/\/ecotecgroup.com\/en\/news\/","og_site_name":"Ecotec Group","article_modified_time":"2021-10-07T16:24:15+00:00","twitter_card":"summary_large_image","twitter_misc":{"Estimated reading time":"2 minutes"},"schema":{"@context":"https:\/\/schema.org","@graph":[{"@type":"WebPage","@id":"https:\/\/ecotecgroup.com\/news\/","url":"https:\/\/ecotecgroup.com\/news\/","name":"Notizie - Ecotec Group","isPartOf":{"@id":"https:\/\/ecotecgroup.com\/#website"},"datePublished":"2021-07-21T10:44:51+00:00","dateModified":"2021-10-07T16:24:15+00:00","breadcrumb":{"@id":"https:\/\/ecotecgroup.com\/news\/#breadcrumb"},"inLanguage":"en-GB","potentialAction":[{"@type":"ReadAction","target":["https:\/\/ecotecgroup.com\/news\/"]}]},{"@type":"BreadcrumbList","@id":"https:\/\/ecotecgroup.com\/news\/#breadcrumb","itemListElement":[{"@type":"ListItem","position":1,"name":"Home","item":"https:\/\/ecotecgroup.com\/"},{"@type":"ListItem","position":2,"name":"Notizie"}]},{"@type":"WebSite","@id":"https:\/\/ecotecgroup.com\/#website","url":"https:\/\/ecotecgroup.com\/","name":"Ecotec Group","description":"Trattamento rifiuti industriali e recupero metalli e materiali","potentialAction":[{"@type":"SearchAction","target":{"@type":"EntryPoint","urlTemplate":"https:\/\/ecotecgroup.com\/?s={search_term_string}"},"query-input":{"@type":"PropertyValueSpecification","valueRequired":true,"valueName":"search_term_string"}}],"inLanguage":"en-GB"}]}},"_links":{"self":[{"href":"https:\/\/ecotecgroup.com\/en\/wp-json\/wp\/v2\/pages\/200","targetHints":{"allow":["GET"]}}],"collection":[{"href":"https:\/\/ecotecgroup.com\/en\/wp-json\/wp\/v2\/pages"}],"about":[{"href":"https:\/\/ecotecgroup.com\/en\/wp-json\/wp\/v2\/types\/page"}],"author":[{"embeddable":true,"href":"https:\/\/ecotecgroup.com\/en\/wp-json\/wp\/v2\/users\/1"}],"replies":[{"embeddable":true,"href":"https:\/\/ecotecgroup.com\/en\/wp-json\/wp\/v2\/comments?post=200"}],"version-history":[{"count":36,"href":"https:\/\/ecotecgroup.com\/en\/wp-json\/wp\/v2\/pages\/200\/revisions"}],"predecessor-version":[{"id":2150,"href":"https:\/\/ecotecgroup.com\/en\/wp-json\/wp\/v2\/pages\/200\/revisions\/2150"}],"wp:attachment":[{"href":"https:\/\/ecotecgroup.com\/en\/wp-json\/wp\/v2\/media?parent=200"}],"curies":[{"name":"wp","href":"https:\/\/api.w.org\/{rel}","templated":true}]}}